{"id":28,"date":"2016-05-19T19:54:24","date_gmt":"2016-05-19T19:54:24","guid":{"rendered":"http:\/\/fanfarenzug-sulmingen.de\/?page_id=28"},"modified":"2023-07-12T20:20:02","modified_gmt":"2023-07-12T20:20:02","slug":"chronik","status":"publish","type":"page","link":"https:\/\/fanfarenzug-sulmingen.de\/?page_id=28","title":{"rendered":"Chronik"},"content":{"rendered":"\n<figure class=\"wp-block-image alignright size-full is-resized\"><img decoding=\"async\" src=\"https:\/\/fanfarenzug-sulmingen.de\/wp-content\/uploads\/2023\/07\/FFZlogo.png\" alt=\"\" class=\"wp-image-7102\" width=\"181\" height=\"225\" srcset=\"https:\/\/fanfarenzug-sulmingen.de\/wp-content\/uploads\/2023\/07\/FFZlogo.png 652w, https:\/\/fanfarenzug-sulmingen.de\/wp-content\/uploads\/2023\/07\/FFZlogo-241x300.png 241w, https:\/\/fanfarenzug-sulmingen.de\/wp-content\/uploads\/2023\/07\/FFZlogo-600x746.png 600w\" sizes=\"(max-width: 181px) 100vw, 181px\" \/><\/figure>\n\n\n<p>Am 15. M\u00e4rz 1983 wurde der Fanfarenzug Sulmingen mit 19 aktiven Mitgliedern, 14 Fanfarenbl\u00e4sern und f\u00fcnf Trommlern unter der musikalischen Leitung von Martin Hagel und 1. Vorstand Peter Lutz gegr\u00fcndet. Ein Jahr sp\u00e4ter erfolgte der Eintrag ins Vereinsregister.<\/p>\n<p>Unseren ersten Auftritt spielten wir bereits am 17. Juli 1983 beim 100-j\u00e4hrigen Gr\u00fcndungsjubil\u00e4um der Krieger- und Soldatenkameradschaft Sulmingen. Zu diesem und sp\u00e4teren Auftritten wurden vom Naturtheater Heidenheim Kost\u00fcme ausgeliehen.<\/p>\n<p>Seit 1985 pr\u00e4sentiert sich der Fanfarenzug Sulmingen e.V. mit einer nachgebildeten Tracht einer Landsknechtsuniform in den Farben rot, schwarz und wei\u00df.<\/p>\n<p>Unsere Uniform besteht aus einer rot-schwarz geflammten Jacke mit geschlitzten Puffer\u00e4rmeln und einem Umhang auf der rechten Seite. Darunter wird eine wei\u00dfe Bluse mit gro\u00dfem von Spitzen umrandetem Kragen getragen. Eine schwarze Kniebundhose, Stiefel und ein Hut, mit seitlichem Aufschlag der mit zwei Federn rot + wei\u00df best\u00fcckt ist, runden unser Erscheinungsbild ab.<\/p>\n<p>\u00dcber die Jahrzehnte spielten wir immer wieder auf historischen Festen in ganz Deutschland, wie z.B. beim Laupheimer Heimatfest, Oktoberfest M\u00fcnchen, T\u00e4nzelfest Kaufbeuren, Sch\u00e4ferlauf Markgr\u00f6ningen sowie auch regelm\u00e4\u00dfig beim Oktoberfest in Konstanz.<br \/><br \/>Au\u00dferdem absolvierten wir viele, sch\u00f6ne Auftritte im Ausland, wie Frankreich, Spanien, Tschechien und Ungarn. Ein besonderes Highlight war 2006 die Teilnahme an einer Ehrenparade anl\u00e4sslich des 500-j\u00e4hrigen Bestehens der Schweizer Garde im Vatikan in Rom.<\/p>\n<p>Nat\u00fcrlich sind wir j\u00e4hrlich auch an der Fasnet im ganzen s\u00fcddeutschen Raum vertreten.<\/p>\n<p>Der Fanfarenzug wurde von 1985-2022 von Alwin Hagel als 1. Vorstand gef\u00fchrt. Seit 2022 hat Andreas Baier die Aufgabe des 1. Vorsitzenden \u00fcbernommen.<\/p>\n<p>Seit dem Jahr 2000 unterliegt die musikalischen Leitung Holger Neuer und seinem Stellvertreter Markus Fischer.<\/p>\n<p>Derzeit z\u00e4hlen wir 28 aktive Mitglieder. Darunter befindet sich noch ein Gr\u00fcndungsmitglied &#8211; Markus Fischer.<\/p>\n<p>Seit 2020 sind wir Mitglied im Blasmusik-Kreisverband Biberach.<\/p>\n<p>In der Regel proben wir zweimal w\u00f6chentlich (Di. + Do.) in unserem Proberaum, der sich im 2012 fertiggestellten Gemeindehaus in Sulmingen befindet.<\/p>\n<p><strong>Neue Mitglieder und Interessenten sind allzeit willkommen!<\/strong><\/p>","protected":false},"excerpt":{"rendered":"<p>Am 15. M\u00e4rz 1983 wurde der Fanfarenzug Sulmingen mit 19 aktiven Mitgliedern, 14 Fanfarenbl\u00e4sern und f\u00fcnf Trommlern unter der musikalischen Leitung von Martin Hagel und 1. Vorstand Peter Lutz gegr\u00fcndet. Ein Jahr sp\u00e4ter erfolgte der Eintrag ins Vereinsregister. Unseren ersten Auftritt spielten wir bereits am 17. Juli 1983 beim 100-j\u00e4hrigen Gr\u00fcndungsjubil\u00e4um der Krieger- und Soldatenkameradschaft &hellip; <\/p>\n<p class=\"link-more\"><a href=\"https:\/\/fanfarenzug-sulmingen.de\/?page_id=28\" class=\"more-link\">Mehr <span class=\"screen-reader-text\">\u00fcber &#8222;Chronik&#8220; <\/span>Lesen<\/a><\/p>\n","protected":false},"author":1,"featured_media":0,"parent":0,"menu_order":0,"comment_status":"closed","ping_status":"closed","template":"","meta":{"inspiro_hide_title":false,"footnotes":""},"class_list":["post-28","page","type-page","status-publish","hentry"],"featured_media_urls":[],"_links":{"self":[{"href":"https:\/\/fanfarenzug-sulmingen.de\/index.php?rest_route=\/wp\/v2\/pages\/28","targetHints":{"allow":["GET"]}}],"collection":[{"href":"https:\/\/fanfarenzug-sulmingen.de\/index.php?rest_route=\/wp\/v2\/pages"}],"about":[{"href":"https:\/\/fanfarenzug-sulmingen.de\/index.php?rest_route=\/wp\/v2\/types\/page"}],"author":[{"embeddable":true,"href":"https:\/\/fanfarenzug-sulmingen.de\/index.php?rest_route=\/wp\/v2\/users\/1"}],"replies":[{"embeddable":true,"href":"https:\/\/fanfarenzug-sulmingen.de\/index.php?rest_route=%2Fwp%2Fv2%2Fcomments&post=28"}],"version-history":[{"count":10,"href":"https:\/\/fanfarenzug-sulmingen.de\/index.php?rest_route=\/wp\/v2\/pages\/28\/revisions"}],"predecessor-version":[{"id":7120,"href":"https:\/\/fanfarenzug-sulmingen.de\/index.php?rest_route=\/wp\/v2\/pages\/28\/revisions\/7120"}],"wp:attachment":[{"href":"https:\/\/fanfarenzug-sulmingen.de\/index.php?rest_route=%2Fwp%2Fv2%2Fmedia&parent=28"}],"curies":[{"name":"wp","href":"https:\/\/api.w.org\/{rel}","templated":true}]}}