{"id":5550,"date":"2016-12-03T15:08:37","date_gmt":"2016-12-03T15:08:37","guid":{"rendered":"http:\/\/demo.wpzoom.com\/inspiro\/?page_id=5550"},"modified":"2023-07-31T05:13:59","modified_gmt":"2023-07-31T05:13:59","slug":"homepage-2","status":"publish","type":"page","link":"https:\/\/fanfarenzug-sulmingen.de\/","title":{"rendered":"Homepage"},"content":{"rendered":"\t\t<div data-elementor-type=\"wp-page\" data-elementor-id=\"5550\" class=\"elementor elementor-5550\">\n\t\t\t\t\t\t<section class=\"elementor-section elementor-top-section elementor-element elementor-element-720e472 elementor-section-boxed elementor-section-height-default elementor-section-height-default\" data-id=\"720e472\" data-element_type=\"section\">\n\t\t\t\t\t\t<div class=\"elementor-container elementor-column-gap-default\">\n\t\t\t\t\t<div class=\"elementor-column elementor-col-100 elementor-top-column elementor-element elementor-element-80188c1\" data-id=\"80188c1\" data-element_type=\"column\">\n\t\t\t<div class=\"elementor-widget-wrap elementor-element-populated\">\n\t\t\t\t\t\t<div class=\"elementor-element elementor-element-dd876ae elementor-widget elementor-widget-text-editor\" data-id=\"dd876ae\" data-element_type=\"widget\" data-widget_type=\"text-editor.default\">\n\t\t\t\t<div class=\"elementor-widget-container\">\n\t\t\t\t\t\t\t<p><strong>&nbsp;<\/strong><\/p>\n<p><strong><img decoding=\"async\" class=\"wp-image-7102 aligncenter\" src=\"https:\/\/fanfarenzug-sulmingen.de\/wp-content\/uploads\/2023\/07\/FFZlogo.png\" alt=\"\" width=\"138\" height=\"171\" srcset=\"https:\/\/fanfarenzug-sulmingen.de\/wp-content\/uploads\/2023\/07\/FFZlogo.png 652w, https:\/\/fanfarenzug-sulmingen.de\/wp-content\/uploads\/2023\/07\/FFZlogo-241x300.png 241w, https:\/\/fanfarenzug-sulmingen.de\/wp-content\/uploads\/2023\/07\/FFZlogo-600x746.png 600w\" sizes=\"(max-width: 138px) 100vw, 138px\" \/><\/strong><\/p>\n<p><strong>Herzlich <\/strong><b>willkommen beim Fanfarenzug Sulmingen!<\/b><\/p>\n<p>Sch\u00f6n, dass Du auf unserer Seite vorbeischaust. Wir befinden uns im Probenbetrieb, und freuen uns auf Anfragen f\u00fcr Auftritte verschiedenster Anl\u00e4sse.<\/p>\n<p>Wir sind \u00fcber unser&nbsp;<a href=\"https:\/\/fanfarenzug-sulmingen.de\/?page_id=9\" target=\"_blank\" rel=\"noopener\">Kontaktformular<\/a>&nbsp;jederzeit erreichbar, bitte nutzt dieses.<\/p>\n<h1 style=\"border: 0px solid #d9d9e3; --tw-border-spacing-x: 0; --tw-border-spacing-y: 0; --tw-translate-x: 0; --tw-translate-y: 0; --tw-rotate: 0; --tw-skew-x: 0; --tw-skew-y: 0; --tw-scale-x: 1; --tw-scale-y: 1; --tw-scroll-snap-strictness: proximity; --tw-ring-offset-width: 0px; --tw-ring-offset-color: #fff; --tw-ring-color: rgba(59,130,246,0.5); --tw-ring-offset-shadow: 0 0 transparent; --tw-ring-shadow: 0 0 transparent; --tw-shadow: 0 0 transparent; --tw-shadow-colored: 0 0 transparent; margin-bottom: 1.25em; color: #374151; font-family: S\u00f6hne, ui-sans-serif, system-ui, -apple-system, 'Segoe UI', Roboto, Ubuntu, Cantarell, 'Noto Sans', sans-serif, 'Helvetica Neue', Arial, 'Apple Color Emoji', 'Segoe UI Emoji', 'Segoe UI Symbol', 'Noto Color Emoji'; white-space: pre-wrap; background-color: #f7f7f8;\"><b>Dieses Jahr feiern wir unser 40-j\u00e4hriges Jubil\u00e4um!<\/b><\/h1>\n<p><\/p>\n<p>Dieser Meilenstein wurde am 29.07.2023 gefeiert unter der Mitwirkung von 14 befreundeten Fanfaren- und Spielmannsz\u00fcgen aus nah und fern.<\/p>\n<p>Wir bedanken uns bei allen, die zum Gelingen des Festes mitgewirkt haben: allen Mitgliedern und Helfern, den <a href=\"https:\/\/fanfarenzug-sulmingen.de\/?page_id=17\">Sponsoren<\/a>, den mitwirkenden Akteuren, sowie allen weiteren, die zum Gelingen beigetragen haben.&nbsp;&nbsp;<\/p>\t\t\t\t\t\t<\/div>\n\t\t\t\t<\/div>\n\t\t\t\t\t<\/div>\n\t\t<\/div>\n\t\t\t\t\t<\/div>\n\t\t<\/section>\n\t\t\t\t<section class=\"elementor-section elementor-top-section elementor-element elementor-element-7a196d08 elementor-section-boxed elementor-section-height-default elementor-section-height-default\" data-id=\"7a196d08\" data-element_type=\"section\" data-settings=\"{&quot;background_background&quot;:&quot;classic&quot;}\">\n\t\t\t\t\t\t<div class=\"elementor-container elementor-column-gap-no\">\n\t\t\t\t\t<div class=\"elementor-column elementor-col-100 elementor-top-column elementor-element elementor-element-4193189e\" data-id=\"4193189e\" data-element_type=\"column\">\n\t\t\t<div class=\"elementor-widget-wrap elementor-element-populated\">\n\t\t\t\t\t\t<div class=\"elementor-element elementor-element-3aab6ec4 elementor-grid-3 elementor-grid-tablet-2 elementor-grid-mobile-1 elementor-widget elementor-widget-wpzoom-elementor-addons-posts-grid\" data-id=\"3aab6ec4\" data-element_type=\"widget\" data-settings=\"{&quot;columns&quot;:&quot;3&quot;,&quot;columns_tablet&quot;:&quot;2&quot;,&quot;columns_mobile&quot;:&quot;1&quot;}\" data-widget_type=\"wpzoom-elementor-addons-posts-grid.default\">\n\t\t\t\t<div class=\"elementor-widget-container\">\n\t\t\t\t\t<div \n\t\t\tclass=\"wpz-grid\" \n\t\t\tdata-uid=\"3aab6ec4\"\n\t\t\tdata-offset=\"3\"\n\t\t\tdata-posts-grid='{\"posts_per_page\":3,\"post_status\":\"publish\",\"paged\":1,\"post__not_in\":[],\"ignore_sticky_posts\":true,\"category_name\":\"\",\"no_found_rows\":true,\"orderby\":\"post_date\",\"order\":\"desc\",\"offset\":3,\"show_image\":\"yes\",\"post_thumbnail_size\":\"recent-thumbnail\",\"show_title\":\"yes\",\"title_tag\":\"h3\",\"meta_data\":[],\"show_excerpt\":\"yes\",\"excerpt_length\":25,\"show_read_more\":\"yes\",\"read_more_text\":\"Mehr &rarr;\",\"grid_style\":\"1\",\"total\":0}'>\n\t\t\t\t\t\t<div class=\"wpz-grid-container elementor-grid wpz-grid-desktop-3  wpz-grid-tablet-2  wpz-grid-mobile-1 \">\n\t\t\t\t\n        <article id=\"post-6805\" class=\"wpz-post post-6805 post type-post status-publish format-standard hentry category-uncategorized\">\n         \n            <div class=\"post-grid-inner\">\n            \t\n            \t\n                <div class=\"post-grid-text-wrap\">\n               \t\t\t\t<h3 class=\"title\">\n\t\t\t<a href=\"https:\/\/fanfarenzug-sulmingen.de\/?p=6805\">Werde Mitglied!<\/a>\n\t\t<\/h3>\n\t\t\t                \t                <div class=\"post-grid-excerpt\"><p>Liebe Musikfreunde, wenn ihr Spa\u00df an Musik und Gemeinschaft habt, dann seid ihr beim Fanfarenzug Sulmingen genau richtig! Wir sind ein Verein, der seit 40&hellip;<\/p>\n<\/div>\t                <a class=\"read-more-btn\" href=\"https:\/\/fanfarenzug-sulmingen.de\/?p=6805\">Mehr &rarr;<\/a>                <\/div>\n\n            <\/div><!-- .blog-inner -->\n           \n        <\/article>\n\n        \n        <article id=\"post-6787\" class=\"wpz-post post-6787 post type-post status-publish format-standard hentry category-uncategorized\">\n         \n            <div class=\"post-grid-inner\">\n            \t\n            \t\n                <div class=\"post-grid-text-wrap\">\n               \t\t\t\t<h3 class=\"title\">\n\t\t\t<a href=\"https:\/\/fanfarenzug-sulmingen.de\/?p=6787\">Zum Jubil\u00e4um<\/a>\n\t\t<\/h3>\n\t\t\t                \t                <div class=\"post-grid-excerpt\"><p>Wir als Fanfarenzug Sulmingen sind stolz darauf, unser 40-j\u00e4hriges Jubil\u00e4um feiern zu d\u00fcrfen. Dieses feiern wir gro\u00df am 29.07.2023 bei uns in Sulmingen im Festgarten.&hellip;<\/p>\n<\/div>\t                <a class=\"read-more-btn\" href=\"https:\/\/fanfarenzug-sulmingen.de\/?p=6787\">Mehr &rarr;<\/a>                <\/div>\n\n            <\/div><!-- .blog-inner -->\n           \n        <\/article>\n\n        \t\t\t<\/div>\n\n\t\t\t\t\t\t\t\t\n\t\t<\/div><!-- \/\/.wpz-grid -->\n\t\t\t\t<\/div>\n\t\t\t\t<\/div>\n\t\t\t\t\t<\/div>\n\t\t<\/div>\n\t\t\t\t\t<\/div>\n\t\t<\/section>\n\t\t\t\t<\/div>\n\t\t","protected":false},"excerpt":{"rendered":"<p>&nbsp; Herzlich willkommen beim Fanfarenzug Sulmingen! Sch\u00f6n, dass Du auf unserer Seite vorbeischaust. Wir befinden uns im Probenbetrieb, und freuen uns auf Anfragen f\u00fcr Auftritte verschiedenster Anl\u00e4sse. Wir sind \u00fcber unser&nbsp;Kontaktformular&nbsp;jederzeit erreichbar, bitte nutzt dieses. Dieses Jahr feiern wir unser 40-j\u00e4hriges Jubil\u00e4um! Dieser Meilenstein wurde am 29.07.2023 gefeiert unter der Mitwirkung von 14 befreundeten Fanfaren- &hellip; <\/p>\n<p class=\"link-more\"><a href=\"https:\/\/fanfarenzug-sulmingen.de\/?p=6787\" class=\"more-link\">Mehr <span class=\"screen-reader-text\">\u00fcber &#8222;Zum Jubil\u00e4um&#8220; <\/span>Lesen<\/a><\/p>\n","protected":false},"author":1,"featured_media":0,"parent":0,"menu_order":0,"comment_status":"closed","ping_status":"closed","template":"page-templates\/homepage-builder-bb.php","meta":{"inspiro_hide_title":false,"footnotes":""},"class_list":["post-5550","page","type-page","status-publish","hentry"],"featured_media_urls":[],"_links":{"self":[{"href":"https:\/\/fanfarenzug-sulmingen.de\/index.php?rest_route=\/wp\/v2\/pages\/5550","targetHints":{"allow":["GET"]}}],"collection":[{"href":"https:\/\/fanfarenzug-sulmingen.de\/index.php?rest_route=\/wp\/v2\/pages"}],"about":[{"href":"https:\/\/fanfarenzug-sulmingen.de\/index.php?rest_route=\/wp\/v2\/types\/page"}],"author":[{"embeddable":true,"href":"https:\/\/fanfarenzug-sulmingen.de\/index.php?rest_route=\/wp\/v2\/users\/1"}],"replies":[{"embeddable":true,"href":"https:\/\/fanfarenzug-sulmingen.de\/index.php?rest_route=%2Fwp%2Fv2%2Fcomments&post=5550"}],"version-history":[{"count":71,"href":"https:\/\/fanfarenzug-sulmingen.de\/index.php?rest_route=\/wp\/v2\/pages\/5550\/revisions"}],"predecessor-version":[{"id":7195,"href":"https:\/\/fanfarenzug-sulmingen.de\/index.php?rest_route=\/wp\/v2\/pages\/5550\/revisions\/7195"}],"wp:attachment":[{"href":"https:\/\/fanfarenzug-sulmingen.de\/index.php?rest_route=%2Fwp%2Fv2%2Fmedia&parent=5550"}],"curies":[{"name":"wp","href":"https:\/\/api.w.org\/{rel}","templated":true}]}}